{"id":513,"date":"2020-10-06T08:46:35","date_gmt":"2020-10-06T06:46:35","guid":{"rendered":"https:\/\/www.pyrenes-sciences.fr\/wp0\/?page_id=513"},"modified":"2020-10-12T09:12:12","modified_gmt":"2020-10-12T07:12:12","slug":"formations-des-montagnes-et-des-grottes","status":"publish","type":"page","link":"https:\/\/www.pyrenes-sciences.fr\/wp0\/formations-des-montagnes-et-des-grottes\/","title":{"rendered":"Formations des montagnes et des grottes"},"content":{"rendered":"\n<table style=\"border-collapse: collapse; width: 100%; height: 275px;\">\n<tbody>\n<tr style=\"height: 275px;\">\n<td style=\"width: 50%; height: 275px;\">\n<p><a href=\"https:\/\/www.pyrenes-sciences.fr\/wp0\/wp-content\/uploads\/2020\/09\/FDS-300.jpg\"><img loading=\"lazy\" decoding=\"async\" class=\"size-full wp-image-272\" src=\"https:\/\/www.pyrenes-sciences.fr\/wp0\/wp-content\/uploads\/2020\/09\/FDS-300.jpg\" alt=\"ARIEGE\" width=\"300\" height=\"218\"><\/a><\/p>\n<\/td>\n<td style=\"width: 50%; height: 275px;\">\n<h3 style=\"text-align: center;\"><a href=\"https:\/\/grottesarcheologies.com\/\" target=\"_blank\" rel=\"noopener noreferrer\">Association \u00ab\u00a0Grottes et arch\u00e9ologies\u00a0\u00bb<\/a><\/h3>\n<h5 style=\"text-align: center;\" lang=\"fr-FR\"><span style=\"color: #000000;\"><span style=\"font-family: Times New Roman, serif;\"><span style=\"font-size: medium;\">Pauline Ramis<br><\/span><\/span><\/span><\/h5>\n<\/td>\n<\/tr>\n<\/tbody>\n<\/table>\n\n\n\n<p>Dans le cadre du <a rel=\"noreferrer noopener\" href=\"https:\/\/www.echosciences-sud.fr\/articles\/archeoflix\" target=\"_blank\"><strong><em>projet #Ark\u00e9oflix<\/em><\/strong><\/a>, Zo\u00e9 Buliard, \u00e9tudiante en g\u00e9ologie vous pr\u00e9sente deux manipulations faciles \u00e0 r\u00e9aliser avec vos \u00e9l\u00e8ves pour mieux comprendre la formation des montagnes et des grottes.<\/p>\n\n\n\n<table style=\"height: 69px; width: 100%; border-collapse: collapse; background-color: #ed8c0c;\" cellspacing=\"5\" border=\"1\">\n<tbody>\n<tr style=\"height: 23px;\">\n<td style=\"width: 50%; height: 23px; text-align: center;\"><strong>VIDEOS<\/strong><\/td>\n<td style=\"width: 50%; height: 23px;\"><strong>&nbsp;Docs d&rsquo;accompagnement en PDF<\/strong><\/td>\n<\/tr>\n<tr style=\"height: 23px;\">\n<td style=\"width: 50%; height: 23px; text-align: center;\"><a href=\"https:\/\/youtu.be\/7ZpCVOCPfAQ\" target=\"_blank\" rel=\"noopener noreferrer\">Formation des montagnes<\/a><\/td>\n<td style=\"width: 50%; height: 23px; text-align: center;\"><a href=\"https:\/\/www.pyrenes-sciences.fr\/wp0\/wp-content\/uploads\/2020\/10\/Fiche-Montagnes.pdf\" target=\"_blank\" rel=\"noopener noreferrer\">Fiche Montagnes<\/a><\/td>\n<\/tr>\n<tr style=\"height: 23px;\">\n<td style=\"width: 50%; height: 23px; text-align: center;\"><a href=\"https:\/\/youtu.be\/Mvp2HApiCF8\" target=\"_blank\" rel=\"noopener noreferrer\">Formation des grottes<\/a><\/td>\n<td style=\"width: 50%; height: 23px; text-align: center;\"><a href=\"https:\/\/www.pyrenes-sciences.fr\/wp0\/wp-content\/uploads\/2020\/10\/Fiche-Karst.pdf\" target=\"_blank\" rel=\"noopener noreferrer\">Fiche Karst<\/a><\/td>\n<\/tr>\n<\/tbody>\n<\/table>\n\n\n\n<div class=\"wp-block-group\"><div class=\"wp-block-group__inner-container is-layout-flow wp-block-group-is-layout-flow\">\n<div class=\"wp-block-group\"><div class=\"wp-block-group__inner-container is-layout-flow wp-block-group-is-layout-flow\">\n<figure class=\"wp-block-pullquote\"><blockquote><p>Vous pouvez poser des questions sur ces sujets par mail \u00e0 cette adresse : <a rel=\"noreferrer noopener\" href=\"mailto:pauline.ramis@grottesarcheologies.com\" target=\"_blank\">pauline.ramis@grottesarcheologies.com<\/a><\/p><\/blockquote><\/figure>\n\n\n\n\n\n<div class=\"vT3uid\">&nbsp;<\/div>\n\n\n\n<div class=\"cri8dc\">&nbsp;<\/div>\n\n\n\n<div class=\"wUMAx\">&nbsp;<\/div>\n\n\n\n<div class=\"iP7wDe\">\u00a0<\/div>\n<\/div><\/div>\n<\/div><\/div>\n","protected":false},"excerpt":{"rendered":"<p>Association \u00ab\u00a0Grottes et arch\u00e9ologies\u00a0\u00bb Pauline Ramis Dans le cadre du projet #Ark\u00e9oflix, Zo\u00e9 Buliard, \u00e9tudiante en g\u00e9ologie vous pr\u00e9sente deux manipulations faciles \u00e0 r\u00e9aliser avec vos \u00e9l\u00e8ves pour mieux comprendre la formation des montagnes et des grottes. VIDEOS &nbsp;Docs d&rsquo;accompagnement en PDF Formation des montagnes Fiche Montagnes Formation des grottes Fiche Karst Vous pouvez poser [&hellip;]<\/p>\n","protected":false},"author":1,"featured_media":0,"parent":0,"menu_order":0,"comment_status":"closed","ping_status":"closed","template":"","meta":{"footnotes":""},"class_list":["post-513","page","type-page","status-publish","hentry"],"_links":{"self":[{"href":"https:\/\/www.pyrenes-sciences.fr\/wp0\/wp-json\/wp\/v2\/pages\/513","targetHints":{"allow":["GET"]}}],"collection":[{"href":"https:\/\/www.pyrenes-sciences.fr\/wp0\/wp-json\/wp\/v2\/pages"}],"about":[{"href":"https:\/\/www.pyrenes-sciences.fr\/wp0\/wp-json\/wp\/v2\/types\/page"}],"author":[{"embeddable":true,"href":"https:\/\/www.pyrenes-sciences.fr\/wp0\/wp-json\/wp\/v2\/users\/1"}],"replies":[{"embeddable":true,"href":"https:\/\/www.pyrenes-sciences.fr\/wp0\/wp-json\/wp\/v2\/comments?post=513"}],"version-history":[{"count":11,"href":"https:\/\/www.pyrenes-sciences.fr\/wp0\/wp-json\/wp\/v2\/pages\/513\/revisions"}],"predecessor-version":[{"id":613,"href":"https:\/\/www.pyrenes-sciences.fr\/wp0\/wp-json\/wp\/v2\/pages\/513\/revisions\/613"}],"wp:attachment":[{"href":"https:\/\/www.pyrenes-sciences.fr\/wp0\/wp-json\/wp\/v2\/media?parent=513"}],"curies":[{"name":"wp","href":"https:\/\/api.w.org\/{rel}","templated":true}]}}